{"data":{"id":161439,"slug":"volvo-ex30-twin-ultra-4x4-315kw-2024","type":"vehicle","title":"Volvo EX30 Twin Ultra 4x4 315kW 2024","description":"I am selling a Volvo EX30 originally from the Czech Republic, manufactured in 2024, 315kW with complete service history, service booklet and still under valid factory warranty, for which two keys are available. The vehicle is in completely unpainted condition with original paint. On paper, it is technically the second owner, but the car has remained in one family the entire time \u2013 the current owner is the wife of the first owner as part of an estate.\nIn case of interest, option to arrange financing from 0% deposit. The car can be physically viewed in B\u00edlovice by arrangement, or after payment of a non-refundable deposit of 10,000 CZK, it is possible to arrange individual transport to the destination. Transport cost is 49 CZK\/1 km (return journey also charged).\n\nTechnical Specifications\n\nYear: 02\/26, Drive: 4x4, Automatic, Electric, Power: 315kW (428 hp), 5-door, (5-seater), 2,700 km, Black, VIN YV12ZEK94SS126855","language":"cs","is_translated":true,"title_original":"Volvo EX30 Twin Ultra 4x4 315kW 2024","description_original":"Prod\u00e1m Volvo EX30 p\u016fvodem z \u010cR, z roku v\u00fdroby 2024, 315kW s kompletn\u00ed servisn\u00ed histori\u00ed, servisn\u00ed kn\u00ed\u017ekou a st\u00e1le v platn\u00e9 tov\u00e1rn\u00ed z\u00e1ruce, k n\u011bmu\u017e jsou k dispozici dva kl\u00ed\u010de. Vozidlo vykazuje kompletn\u011b nelakovan\u00fd stav s p\u016fvodn\u00edm lakem. Pap\u00edrov\u011b se sice jedn\u00e1 o druh\u00e9ho majitele, ale v\u016fz z\u016fstal po celou dobu v jedn\u00e9 rodin\u011b \u2013 sou\u010dasn\u00fdm majitelem je man\u017eelka po prvn\u00edm majiteli v r\u00e1mci poz\u016fstalosti.\nV p\u0159\u00edpad\u011b z\u00e1jmu mo\u017enost vybavit financov\u00e1n\u00ed od 0% akontace. V\u016fz lze fyzicky po dohod\u011b vid\u011bt v B\u00edlovic\u00edch p\u0159\u00edpadn\u011b po slo\u017een\u00ed nevratn\u00e9 z\u00e1lohy 10 000 K\u010d mo\u017enost zajistit individu\u00e1ln\u00ed p\u0159evoz do c\u00edlov\u00e9 destinace. Cena p\u0159evozu je 49K\u010d\/1km (plat\u00ed se i cesta zp\u011bt).\n\nTechnick\u00e9 \u00fadaje\n\nr.v.: 02\/26, Pohon: 4\u00d74, Automat, Elektro, V\u00fdkon: 315kW (428k), 5 dv., (5-m\u00edstn\u00e9), 2 700km, \u010cern\u00e1, VIN YV12ZEK94SS126855","price":"949000.00","currency":"CZK","status":"active","noindex":true,"location":{"address":null,"full_address":null,"city":"Uhersk\u00e9 Hradi\u0161t\u011b","country":"CZ","latitude":null,"longitude":null},"metadata":{"vin":"YV12ZEK94SS126855","fuel":"electric","year":2026,"brand":"Volvo","color":"Black","doors":5,"drive":"AWD \/ 4x4","model":"EX30","seats":5,"region":"Jihomoravsk\u00fd kraj","mileage":2700,"emisions":null,"features":["7x airbag","ABS","360\u00b0 kamerov\u00fd syst\u00e9m","Aktivn\u00ed asistent udr\u017eov\u00e1n\u00ed j\u00edzdn\u00edho pruhu","Aktivn\u00ed \u0159\u00edzen\u00ed","Alarm","Asistent odbo\u010dov\u00e1n\u00ed","Stabilizace p\u0159\u00edv\u011bsu (TSA)","Autonomn\u00ed \u0159\u00edzen\u00ed","Automatick\u00e1 aktivace v\u00fdstra\u017en\u00fdch sv\u011btel","Automatick\u00e9 parkov\u00e1n\u00ed","Asistent rozjezdu do kopce","Deaktivace airbagu spolujezdce","ESP","Hl\u00edd\u00e1n\u00ed mrtv\u00e9ho \u00fahlu","ISOFIX na sedadle spolujezdce","ISOFIX na zadn\u00edch sedadlech","Prediktivn\u00ed nouzov\u00e9 brzd\u011bn\u00ed (PEBS)","Posilova\u010d \u0159\u00edzen\u00ed","Prediktivn\u00ed tempomat","Protiprokluzov\u00fd syst\u00e9m kol (TC, ASR)","P\u0159edn\u00ed a zadn\u00ed parkovac\u00ed senzory","Senzor st\u011bra\u010d\u016f","Sledov\u00e1n\u00ed \u00fanavy \u0159idi\u010de","Syst\u00e9m rozpozn\u00e1v\u00e1n\u00ed dopravn\u00edch zna\u010dek","Varov\u00e1n\u00ed p\u0159ed \u010deln\u00ed sr\u00e1\u017ekou","T\u00eds\u0148ov\u00e9 vol\u00e1n\u00ed","Upozorn\u011bn\u00ed na p\u0159ij\u00ed\u017ed\u011bj\u00edc\u00ed vozidla p\u0159i couv\u00e1n\u00ed (RCTA)","Kola 20\"","Ambientn\u00ed osv\u011btlen\u00ed interi\u00e9ru","Apple Car Play","Automaticky stm\u00edvateln\u00e1 zp\u011btn\u00e1 zrc\u00e1tka","Automatick\u00e1 2-z\u00f3nov\u00e1 klimatizace","Asistent d\u00e1lkov\u00fdch sv\u011btel (HBA)","Elektrick\u00e1 parkovac\u00ed brzda","Automatick\u00e9 rozsv\u011bcen\u00ed sv\u011btel","Autor\u00e1dio","Bezdr\u00e1tov\u00e1 nab\u00edje\u010dka mobiln\u00edch telefon\u016f","Bezkl\u00ed\u010dov\u00e9 startov\u00e1n\u00ed","Bluetooth","Centr\u00e1ln\u00ed zamyk\u00e1n\u00ed","DAB r\u00e1dio","Denn\u00ed sv\u00edcen\u00ed","Displej","Dotykov\u00e1 obrazovka","D\u011blen\u00e1 zadn\u00ed sedadla","El. nastaviteln\u00e1 p\u0159edn\u00ed sedadla","Elektricky nastaviteln\u00e1 zp\u011btn\u00e1 zrc\u00e1tka","Elektricky vyh\u0159\u00edvan\u00e1 zp\u011btn\u00e1 zrc\u00e1tka","Elektrick\u00e9 dov\u00edr\u00e1n\u00ed zavazadlov\u00e9ho prostoru","El. ovl\u00e1dan\u00fd kufr","Chytr\u00fd kl\u00ed\u010d","Ko\u017een\u00fd volant","LED sv\u011btlomety","LED zadn\u00ed sv\u011btla","Lit\u00e1 kola","Loketn\u00ed op\u011brka vp\u0159edu","Multifunk\u010dn\u00ed volant","V\u00fd\u0161kov\u011b a pod\u00e9ln\u011b nastaviteln\u00fd volant","Navigace","Hlasov\u00e9 ovl\u00e1d\u00e1n\u00ed","Palubn\u00ed po\u010d\u00edta\u010d","Panoramatick\u00e1 st\u0159echa","P\u0159edn\u00ed el. stahovateln\u00e1 okna","Pam\u011b\u0165 nastaven\u00ed sedadla \u0159idi\u010de","P\u0159ipojen\u00ed k internetu","Sklopn\u00e1 zadn\u00ed sedadla","Sv\u011bteln\u00fd senzor","Tepeln\u00e9 \u010derpadlo","USB","Vyh\u0159\u00edvan\u00e1 p\u0159edn\u00ed sedadla","Vyh\u0159\u00edvan\u00fd volant","Zadn\u00ed el. stahovateln\u00e1 okna","Zadn\u00ed st\u011bra\u010d","Palubn\u00ed nab\u00edje\u010dka 22 kW","Lepic\u00ed sada na pneumatiky","Rychlonab\u00edjen\u00ed DC","Serv. kni\u017eka","Mo\u017en\u00fd \u00faver","v z\u00e1ruke","\u00dapln\u00e1 servisn\u00e1 hist\u00f3ria"],"power_kw":315,"body_type":"SUV","condition":"Used","transmission":"automatic","vat_deductible":false,"consumption_city":null,"translation_hash":"409897fb2099975a20f0f5514b0c5c69bf49b087","vehicle_category":"car","engine_volume_cm3":0,"first_registration":"2026-02-11","translation_status":"done","consumption_highway":null,"consumption_combined":null},"user_id":81,"is_sponsored":false,"views_count":6,"ai_views_count":11,"ai_vendor_counts":{"meta":5,"other":2,"openai":3,"anthropic":1},"visibility":"public","submission_source":null,"submission_ai_name":null,"has_owner_email":true,"can_contact_owner":true,"phone":"+420 737 679 830","owner_email":"bukac@autorro.cz","user":{"id":81,"slug":"marek-bukac-81","name":"Marek Buka\u010d","bio":"Makl\u00e9\u0159. P\u016fsob\u00edm v Brn\u011b a okol\u00ed.\n\nP\u016fsobnost: Brno","nationality":null,"languages":[],"service_areas":[],"card_style":null,"card_palette":null,"avatar_url":"https:\/\/cdn.assetlog.ai\/avatars\/81\/avatar_max.webp?v=1787122534","avatar_thumb_url":"https:\/\/cdn.assetlog.ai\/avatars\/81\/avatar_small.webp?v=1787122534","reviews_count":0,"avg_rating":null,"seller_badge":"silver","can_calendar":true},"images":[{"id":132815,"max":"https:\/\/cdn.assetlog.ai\/assets\/161439\/volvo-ex30-twin-ultra-4x4-315kw-2024_1_max.webp","medium":"https:\/\/cdn.assetlog.ai\/assets\/161439\/volvo-ex30-twin-ultra-4x4-315kw-2024_1_medium.webp","small":"https:\/\/cdn.assetlog.ai\/assets\/161439\/volvo-ex30-twin-ultra-4x4-315kw-2024_1_small.webp"},{"id":132816,"max":"https:\/\/cdn.assetlog.ai\/assets\/161439\/volvo-ex30-twin-ultra-4x4-315kw-2024_2_max.webp","medium":"https:\/\/cdn.assetlog.ai\/assets\/161439\/volvo-ex30-twin-ultra-4x4-315kw-2024_2_medium.webp","small":"https:\/\/cdn.assetlog.ai\/assets\/161439\/volvo-ex30-twin-ultra-4x4-315kw-2024_2_small.webp"},{"id":132817,"max":"https:\/\/cdn.assetlog.ai\/assets\/161439\/volvo-ex30-twin-ultra-4x4-315kw-2024_3_max.webp","medium":"https:\/\/cdn.assetlog.ai\/assets\/161439\/volvo-ex30-twin-ultra-4x4-315kw-2024_3_medium.webp","small":"https:\/\/cdn.assetlog.ai\/assets\/161439\/volvo-ex30-twin-ultra-4x4-315kw-2024_3_small.webp"},{"id":132818,"max":"https:\/\/cdn.assetlog.ai\/assets\/161439\/volvo-ex30-twin-ultra-4x4-315kw-2024_4_max.webp","medium":"https:\/\/cdn.assetlog.ai\/assets\/161439\/volvo-ex30-twin-ultra-4x4-315kw-2024_4_medium.webp","small":"https:\/\/cdn.assetlog.ai\/assets\/161439\/volvo-ex30-twin-ultra-4x4-315kw-2024_4_small.webp"},{"id":132819,"max":"https:\/\/cdn.assetlog.ai\/assets\/161439\/volvo-ex30-twin-ultra-4x4-315kw-2024_5_max.webp","medium":"https:\/\/cdn.assetlog.ai\/assets\/161439\/volvo-ex30-twin-ultra-4x4-315kw-2024_5_medium.webp","small":"https:\/\/cdn.assetlog.ai\/assets\/161439\/volvo-ex30-twin-ultra-4x4-315kw-2024_5_small.webp"},{"id":132820,"max":"https:\/\/cdn.assetlog.ai\/assets\/161439\/volvo-ex30-twin-ultra-4x4-315kw-2024_6_max.webp","medium":"https:\/\/cdn.assetlog.ai\/assets\/161439\/volvo-ex30-twin-ultra-4x4-315kw-2024_6_medium.webp","small":"https:\/\/cdn.assetlog.ai\/assets\/161439\/volvo-ex30-twin-ultra-4x4-315kw-2024_6_small.webp"},{"id":132821,"max":"https:\/\/cdn.assetlog.ai\/assets\/161439\/volvo-ex30-twin-ultra-4x4-315kw-2024_7_max.webp","medium":"https:\/\/cdn.assetlog.ai\/assets\/161439\/volvo-ex30-twin-ultra-4x4-315kw-2024_7_medium.webp","small":"https:\/\/cdn.assetlog.ai\/assets\/161439\/volvo-ex30-twin-ultra-4x4-315kw-2024_7_small.webp"},{"id":132822,"max":"https:\/\/cdn.assetlog.ai\/assets\/161439\/volvo-ex30-twin-ultra-4x4-315kw-2024_8_max.webp","medium":"https:\/\/cdn.assetlog.ai\/assets\/161439\/volvo-ex30-twin-ultra-4x4-315kw-2024_8_medium.webp","small":"https:\/\/cdn.assetlog.ai\/assets\/161439\/volvo-ex30-twin-ultra-4x4-315kw-2024_8_small.webp"},{"id":132823,"max":"https:\/\/cdn.assetlog.ai\/assets\/161439\/volvo-ex30-twin-ultra-4x4-315kw-2024_9_max.webp","medium":"https:\/\/cdn.assetlog.ai\/assets\/161439\/volvo-ex30-twin-ultra-4x4-315kw-2024_9_medium.webp","small":"https:\/\/cdn.assetlog.ai\/assets\/161439\/volvo-ex30-twin-ultra-4x4-315kw-2024_9_small.webp"},{"id":132824,"max":"https:\/\/cdn.assetlog.ai\/assets\/161439\/volvo-ex30-twin-ultra-4x4-315kw-2024_10_max.webp","medium":"https:\/\/cdn.assetlog.ai\/assets\/161439\/volvo-ex30-twin-ultra-4x4-315kw-2024_10_medium.webp","small":"https:\/\/cdn.assetlog.ai\/assets\/161439\/volvo-ex30-twin-ultra-4x4-315kw-2024_10_small.webp"},{"id":132825,"max":"https:\/\/cdn.assetlog.ai\/assets\/161439\/volvo-ex30-twin-ultra-4x4-315kw-2024_11_max.webp","medium":"https:\/\/cdn.assetlog.ai\/assets\/161439\/volvo-ex30-twin-ultra-4x4-315kw-2024_11_medium.webp","small":"https:\/\/cdn.assetlog.ai\/assets\/161439\/volvo-ex30-twin-ultra-4x4-315kw-2024_11_small.webp"},{"id":132826,"max":"https:\/\/cdn.assetlog.ai\/assets\/161439\/volvo-ex30-twin-ultra-4x4-315kw-2024_12_max.webp","medium":"https:\/\/cdn.assetlog.ai\/assets\/161439\/volvo-ex30-twin-ultra-4x4-315kw-2024_12_medium.webp","small":"https:\/\/cdn.assetlog.ai\/assets\/161439\/volvo-ex30-twin-ultra-4x4-315kw-2024_12_small.webp"},{"id":132827,"max":"https:\/\/cdn.assetlog.ai\/assets\/161439\/volvo-ex30-twin-ultra-4x4-315kw-2024_13_max.webp","medium":"https:\/\/cdn.assetlog.ai\/assets\/161439\/volvo-ex30-twin-ultra-4x4-315kw-2024_13_medium.webp","small":"https:\/\/cdn.assetlog.ai\/assets\/161439\/volvo-ex30-twin-ultra-4x4-315kw-2024_13_small.webp"},{"id":132828,"max":"https:\/\/cdn.assetlog.ai\/assets\/161439\/volvo-ex30-twin-ultra-4x4-315kw-2024_14_max.webp","medium":"https:\/\/cdn.assetlog.ai\/assets\/161439\/volvo-ex30-twin-ultra-4x4-315kw-2024_14_medium.webp","small":"https:\/\/cdn.assetlog.ai\/assets\/161439\/volvo-ex30-twin-ultra-4x4-315kw-2024_14_small.webp"},{"id":132829,"max":"https:\/\/cdn.assetlog.ai\/assets\/161439\/volvo-ex30-twin-ultra-4x4-315kw-2024_15_max.webp","medium":"https:\/\/cdn.assetlog.ai\/assets\/161439\/volvo-ex30-twin-ultra-4x4-315kw-2024_15_medium.webp","small":"https:\/\/cdn.assetlog.ai\/assets\/161439\/volvo-ex30-twin-ultra-4x4-315kw-2024_15_small.webp"},{"id":132830,"max":"https:\/\/cdn.assetlog.ai\/assets\/161439\/volvo-ex30-twin-ultra-4x4-315kw-2024_16_max.webp","medium":"https:\/\/cdn.assetlog.ai\/assets\/161439\/volvo-ex30-twin-ultra-4x4-315kw-2024_16_medium.webp","small":"https:\/\/cdn.assetlog.ai\/assets\/161439\/volvo-ex30-twin-ultra-4x4-315kw-2024_16_small.webp"},{"id":132831,"max":"https:\/\/cdn.assetlog.ai\/assets\/161439\/volvo-ex30-twin-ultra-4x4-315kw-2024_17_max.webp","medium":"https:\/\/cdn.assetlog.ai\/assets\/161439\/volvo-ex30-twin-ultra-4x4-315kw-2024_17_medium.webp","small":"https:\/\/cdn.assetlog.ai\/assets\/161439\/volvo-ex30-twin-ultra-4x4-315kw-2024_17_small.webp"},{"id":132832,"max":"https:\/\/cdn.assetlog.ai\/assets\/161439\/volvo-ex30-twin-ultra-4x4-315kw-2024_18_max.webp","medium":"https:\/\/cdn.assetlog.ai\/assets\/161439\/volvo-ex30-twin-ultra-4x4-315kw-2024_18_medium.webp","small":"https:\/\/cdn.assetlog.ai\/assets\/161439\/volvo-ex30-twin-ultra-4x4-315kw-2024_18_small.webp"}],"published_at":null,"expires_at":null,"created_at":"2026-08-19T03:40:04+00:00","updated_at":"2026-09-01T03:40:37+00:00"}}