{"data":{"id":142906,"slug":"volvo-v90-d3-20l-110kw-at8-fwd-aj-na-splatky-protiucet","type":"vehicle","title":"Volvo V90 D3 2.0L 110kW AT\/8 FWD \/ ON INSTALLMENTS \/ TRADE-IN AVAILABLE","description":"Commission sale - you purchase the vehicle directly from the owner.\n\nI am selling an elegant family estate Volvo V90, year of manufacture 2017, in black metallic. The vehicle comes with two keys and a service booklet. The car has undergone service: at 165,000 kilometers, brake discs and brake pads were replaced on both the front and rear axles. Subsequently, at 167,000 kilometers, a regular oil change was performed in the automatic transmission.\n\nThe vehicle has undergone insurance record verification, execution checks, paint thickness measurement, and document verification. Physically inspected and also verified through the vehicle operating records registry.\n\nWe offer favorable financing with monthly installments, so you can enjoy your new car immediately without waiting, with 0% down payment and installments up to 96 months.\n\nFor your greater convenience and peace of mind, we can provide extended warranty up to 12-36 months.\n\nIf you already own a vehicle, you don't need to worry about selling it - we will take it directly from you in return. Just come to us with it, we will appraise it and deduct the value from your new car's price. This way you save time, hassle, and money, and the entire process will be quick and easy - you drive away in your new car without unnecessary paperwork.\n\nTHE VEHICLE IS LOCATED IN Sered. We are happy to provide you with more information at phone number 0910 601 651. Registration plate: AA533JP. Technical inspection valid until: 2028-01-09. MOT valid until: 2028-01-09.\n\nTechnical specifications\n\nYear of manufacture: 12\/17, 1969cc, 110kW (150hp), Drive: Front-wheel drive, Automatic transmission (8-speed), Diesel, EURO 6, 5-door, (5-seater), 173,168 km, Black metallic, VIN YV1PW79B0J1047194\n\nVehicle consumption (l\/100km)\n\nIn city: , outside city: , combined: 4.5\n\nService booklet, Leasing possible, Credit possible","language":"cs","is_translated":true,"title_original":"Volvo V90 D3 2.0L 110kW AT\/8 FWD \/ AJ NA SPL\u00c1TKY \/ PROTI\u00da\u010cET","description_original":"Komisn\u00ed prodej - vozidlo kupujete p\u0159\u00edmo od majitele.\n\nProd\u00e1v\u00e1m elegantn\u00ed rodinn\u00e9 kombi Volvo V90, rok v\u00fdroby 2017, v \u010dern\u00e9 metal\u00edze. Sou\u010d\u00e1st\u00ed vozu jsou dva kl\u00ed\u010de a servisn\u00ed kn\u00ed\u017eka. V\u016fz pro\u0161el servisem: p\u0159i 165 000 kilometrech byly vym\u011bn\u011bny brzdov\u00e9 kotou\u010de i brzdov\u00e9 desti\u010dky na p\u0159edn\u00ed i zadn\u00ed n\u00e1prav\u011b. N\u00e1sledn\u011b p\u0159i najet\u00fdch 167 000 kilometrech byla provedena pravideln\u00e1 v\u00fdm\u011bna oleje v automatick\u00e9 p\u0159evodovce.\n\nVozidlo pro\u0161lo kontrolou z\u00e1znam\u016f o poji\u0161t\u011bn\u00ed, exekuc\u00ed, m\u011b\u0159en\u00edm laku a kontrolou doklad\u016f. Zkontrolov\u00e1no fyzicky, tak\u00e9 prost\u0159ednictv\u00edm registru provozn\u00edch z\u00e1znam\u016f vozidla.\n\nNab\u00edz\u00edme v\u00fdhodn\u00e9 financov\u00e1n\u00ed na m\u011bs\u00ed\u010dn\u00ed spl\u00e1tky, tak\u017ee si sv\u016fj nov\u00fd v\u016fz m\u016f\u017eete u\u017e\u00edvat hned a bez \u010dek\u00e1n\u00ed s akontac\u00ed 0 % a spl\u00e1tkami a\u017e na 96 m\u011bs\u00edc\u016f.\n\nPro va\u0161e v\u011bt\u0161\u00ed pohodl\u00ed a jistotu v\u00e1m m\u016f\u017eeme poskytnout prodlou\u017eenou z\u00e1ruku a\u017e na 12-36 m\u011bs\u00edc\u016f.\n\nPokud ji\u017e v\u016fz vlastn\u00edte, nemus\u00edte se zab\u00fdvat jeho prodejem - na opl\u00e1tku si ho od v\u00e1s p\u0159\u00edmo vezmeme. Sta\u010d\u00ed, kdy\u017e k n\u00e1m s n\u00edm p\u0159ijdete, my ho ocen\u00edme a n\u00e1klady ode\u010dteme od hodnoty va\u0161eho nov\u00e9ho vozu. U\u0161et\u0159\u00edte tak \u010das, starosti i pen\u00edze a cel\u00fd proces bude rychl\u00fd a snadn\u00fd - odjedete rovnou ve sv\u00e9m nov\u00e9m voze bez zbyte\u010dn\u00e9ho pap\u00edrov\u00e1n\u00ed.\n\nVOZIDLO SE NACH\u00c1Z\u00cd V Seredi. V\u00edce informac\u00ed v\u00e1m r\u00e1di poskytneme na telefonn\u00edm \u010d\u00edsle 0910 601 651. E\u010cV: AA533JP. EK platn\u00e1 do: 2028-01-09. STK platn\u00e1 do: 2028-01-09.\n\nTechnick\u00e9 \u00fadaje\n\nv.v.: 12\/17, 1969cm\u00b3, 110kW (150PS), Pohon: Pohon p\u0159edn\u00edch kol, Automatick\u00e1 p\u0159evodovka (8 st.), Diesel, EURO 6, 5 dv., (5-m\u00edstn\u00fd), 173 168km, \u010cern\u00e1 metal\u00edza, VIN YV1PW79B0J1047194\n\nSpot\u0159eba vozidla (l\/100km)\n\nVe m\u011bst\u011b: , mimo m\u011bsto: , kombinovan\u00e1: 4.5\n\nServisn\u00ed kn\u00ed\u017eka, Mo\u017en\u00fd leasing, Mo\u017en\u00fd \u00fav\u011br","price":"407713.00","currency":"CZK","status":"active","noindex":true,"location":{"address":null,"full_address":null,"city":"Sere\u010f","country":"SK","latitude":48.2889032,"longitude":17.7308808},"metadata":{"vin":"YV1PW79B0J1047194","fuel":"diesel","year":2017,"brand":"Volvo","color":"Black","doors":5,"drive":"Front-wheel drive","model":"V90","seats":5,"region":"Trnavsk\u00fd kraj","mileage":173168,"emisions":"Euro 6","features":["Alarm","EBD\/EBV","Posilova\u010d \u0159\u00edzen\u00ed","ABS","ESP","Protiprokluzov\u00fd syst\u00e9m kol (TC, ASR)","DSC\/DTC","Brzdov\u00fd asistent (EBA, BAS)","ISOFIX na zadn\u00edch sedadlech","Deaktivace airbagu spolujezdce","Senzor tlaku","Syst\u00e9m rozpozn\u00e1v\u00e1n\u00ed dopravn\u00edch zna\u010dek","Sledov\u00e1n\u00ed \u00fanavy \u0159idi\u010de","Asistent d\u00e1lkov\u00fdch sv\u011btel (HBA)","Centr\u00e1ln\u00ed zamyk\u00e1n\u00ed","Zadn\u00ed el. stahovateln\u00e1 okna","El. nastaviteln\u00e1 p\u0159edn\u00ed sedadla","Elektricky nastaviteln\u00e1 zp\u011btn\u00e1 zrc\u00e1tka","Automatick\u00e1 2-z\u00f3nov\u00e1 klimatizace","Centr\u00e1ln\u00ed zamyk\u00e1n\u00ed na d\u00e1lkov\u00e9 ovl\u00e1d\u00e1n\u00ed","Autor\u00e1dio","Multifunk\u010dn\u00ed volant","Loketn\u00ed op\u011brka vp\u0159edu","Start\/Stop syst\u00e9m","Klimatizovan\u00e1 p\u0159ihr\u00e1dka","Lit\u00e1 kola","Imobiliz\u00e9r","Palubn\u00ed po\u010d\u00edta\u010d","Navigace","Automatick\u00e9 parkov\u00e1n\u00ed","Ta\u017en\u00e9 za\u0159\u00edzen\u00ed","Tempomat","Vyh\u0159\u00edvan\u00e1 sedadla","Elektricky vyh\u0159\u00edvan\u00e1 zp\u011btn\u00e1 zrc\u00e1tka","F\u00f3lie","Senzor st\u011bra\u010d\u016f","Sv\u011bteln\u00fd senzor","P\u0159edn\u00ed a zadn\u00ed parkovac\u00ed senzory","Adaptivn\u00ed tempomat","El. ovl\u00e1dan\u00fd kufr","Elektrick\u00e9 dov\u00edr\u00e1n\u00ed zavazadlov\u00e9ho prostoru","Bluetooth","Denn\u00ed sv\u00edcen\u00ed","Serv. kni\u017eka","Mo\u017en\u00fd leasing","Mo\u017en\u00fd \u00faver","Odo-pass","Asistent udr\u017eov\u00e1n\u00ed j\u00edzdn\u00edho pruhu","Asistent rozjezdu do kopce","ACC","Rozpozn\u00e1v\u00e1n\u00ed chodc\u016f"],"power_kw":110,"body_type":"Estate","condition":"Used","transmission":"automatic","vat_deductible":false,"consumption_city":null,"translation_hash":"fd9404bad1d484844c8634bf096861abf762fdd1","vehicle_category":"car","engine_volume_cm3":1969,"first_registration":"2017-12-01","translation_status":"done","consumption_highway":null,"consumption_combined":4.5},"user_id":39,"is_sponsored":false,"views_count":8,"ai_views_count":12,"ai_vendor_counts":{"meta":5,"other":2,"openai":3,"anthropic":2},"visibility":"public","submission_source":null,"submission_ai_name":null,"has_owner_email":true,"can_contact_owner":true,"phone":"+421 910 601 651","owner_email":"krommel@autorro.sk","user":{"id":39,"slug":"lukas-krommel-39","name":"Luk\u00e1\u0161 Krommel","bio":"Makl\u00e9r. P\u016fsob\u00edm v Trnave, Hlohovci a okol\u00ed.\n\nP\u016fsobnost: Trnava, Hlohovec","nationality":"SK","languages":["cs","sk"],"service_areas":[],"card_style":null,"card_palette":null,"avatar_url":"https:\/\/cdn.assetlog.ai\/avatars\/39\/avatar_max.webp?v=1786535213","avatar_thumb_url":"https:\/\/cdn.assetlog.ai\/avatars\/39\/avatar_small.webp?v=1786535213","reviews_count":0,"avg_rating":null,"seller_badge":"silver","can_calendar":true,"joined_at":"2026-06-07T07:44:55+00:00","primary_intent":null,"seeking":[],"public_assets_count":35,"public_prompts_count":0,"followers_count":0},"images":[{"id":112711,"max":"https:\/\/cdn.assetlog.ai\/assets\/142906\/volvo-v90-d3-20l-110kw-at8-fwd-aj-na-splatky-protiucet_1_max.webp","medium":"https:\/\/cdn.assetlog.ai\/assets\/142906\/volvo-v90-d3-20l-110kw-at8-fwd-aj-na-splatky-protiucet_1_medium.webp","small":"https:\/\/cdn.assetlog.ai\/assets\/142906\/volvo-v90-d3-20l-110kw-at8-fwd-aj-na-splatky-protiucet_1_small.webp"},{"id":112712,"max":"https:\/\/cdn.assetlog.ai\/assets\/142906\/volvo-v90-d3-20l-110kw-at8-fwd-aj-na-splatky-protiucet_2_max.webp","medium":"https:\/\/cdn.assetlog.ai\/assets\/142906\/volvo-v90-d3-20l-110kw-at8-fwd-aj-na-splatky-protiucet_2_medium.webp","small":"https:\/\/cdn.assetlog.ai\/assets\/142906\/volvo-v90-d3-20l-110kw-at8-fwd-aj-na-splatky-protiucet_2_small.webp"},{"id":112713,"max":"https:\/\/cdn.assetlog.ai\/assets\/142906\/volvo-v90-d3-20l-110kw-at8-fwd-aj-na-splatky-protiucet_3_max.webp","medium":"https:\/\/cdn.assetlog.ai\/assets\/142906\/volvo-v90-d3-20l-110kw-at8-fwd-aj-na-splatky-protiucet_3_medium.webp","small":"https:\/\/cdn.assetlog.ai\/assets\/142906\/volvo-v90-d3-20l-110kw-at8-fwd-aj-na-splatky-protiucet_3_small.webp"},{"id":112714,"max":"https:\/\/cdn.assetlog.ai\/assets\/142906\/volvo-v90-d3-20l-110kw-at8-fwd-aj-na-splatky-protiucet_4_max.webp","medium":"https:\/\/cdn.assetlog.ai\/assets\/142906\/volvo-v90-d3-20l-110kw-at8-fwd-aj-na-splatky-protiucet_4_medium.webp","small":"https:\/\/cdn.assetlog.ai\/assets\/142906\/volvo-v90-d3-20l-110kw-at8-fwd-aj-na-splatky-protiucet_4_small.webp"},{"id":112715,"max":"https:\/\/cdn.assetlog.ai\/assets\/142906\/volvo-v90-d3-20l-110kw-at8-fwd-aj-na-splatky-protiucet_5_max.webp","medium":"https:\/\/cdn.assetlog.ai\/assets\/142906\/volvo-v90-d3-20l-110kw-at8-fwd-aj-na-splatky-protiucet_5_medium.webp","small":"https:\/\/cdn.assetlog.ai\/assets\/142906\/volvo-v90-d3-20l-110kw-at8-fwd-aj-na-splatky-protiucet_5_small.webp"},{"id":112716,"max":"https:\/\/cdn.assetlog.ai\/assets\/142906\/volvo-v90-d3-20l-110kw-at8-fwd-aj-na-splatky-protiucet_6_max.webp","medium":"https:\/\/cdn.assetlog.ai\/assets\/142906\/volvo-v90-d3-20l-110kw-at8-fwd-aj-na-splatky-protiucet_6_medium.webp","small":"https:\/\/cdn.assetlog.ai\/assets\/142906\/volvo-v90-d3-20l-110kw-at8-fwd-aj-na-splatky-protiucet_6_small.webp"},{"id":112717,"max":"https:\/\/cdn.assetlog.ai\/assets\/142906\/volvo-v90-d3-20l-110kw-at8-fwd-aj-na-splatky-protiucet_7_max.webp","medium":"https:\/\/cdn.assetlog.ai\/assets\/142906\/volvo-v90-d3-20l-110kw-at8-fwd-aj-na-splatky-protiucet_7_medium.webp","small":"https:\/\/cdn.assetlog.ai\/assets\/142906\/volvo-v90-d3-20l-110kw-at8-fwd-aj-na-splatky-protiucet_7_small.webp"},{"id":112718,"max":"https:\/\/cdn.assetlog.ai\/assets\/142906\/volvo-v90-d3-20l-110kw-at8-fwd-aj-na-splatky-protiucet_8_max.webp","medium":"https:\/\/cdn.assetlog.ai\/assets\/142906\/volvo-v90-d3-20l-110kw-at8-fwd-aj-na-splatky-protiucet_8_medium.webp","small":"https:\/\/cdn.assetlog.ai\/assets\/142906\/volvo-v90-d3-20l-110kw-at8-fwd-aj-na-splatky-protiucet_8_small.webp"},{"id":112719,"max":"https:\/\/cdn.assetlog.ai\/assets\/142906\/volvo-v90-d3-20l-110kw-at8-fwd-aj-na-splatky-protiucet_9_max.webp","medium":"https:\/\/cdn.assetlog.ai\/assets\/142906\/volvo-v90-d3-20l-110kw-at8-fwd-aj-na-splatky-protiucet_9_medium.webp","small":"https:\/\/cdn.assetlog.ai\/assets\/142906\/volvo-v90-d3-20l-110kw-at8-fwd-aj-na-splatky-protiucet_9_small.webp"},{"id":112720,"max":"https:\/\/cdn.assetlog.ai\/assets\/142906\/volvo-v90-d3-20l-110kw-at8-fwd-aj-na-splatky-protiucet_10_max.webp","medium":"https:\/\/cdn.assetlog.ai\/assets\/142906\/volvo-v90-d3-20l-110kw-at8-fwd-aj-na-splatky-protiucet_10_medium.webp","small":"https:\/\/cdn.assetlog.ai\/assets\/142906\/volvo-v90-d3-20l-110kw-at8-fwd-aj-na-splatky-protiucet_10_small.webp"},{"id":112721,"max":"https:\/\/cdn.assetlog.ai\/assets\/142906\/volvo-v90-d3-20l-110kw-at8-fwd-aj-na-splatky-protiucet_11_max.webp","medium":"https:\/\/cdn.assetlog.ai\/assets\/142906\/volvo-v90-d3-20l-110kw-at8-fwd-aj-na-splatky-protiucet_11_medium.webp","small":"https:\/\/cdn.assetlog.ai\/assets\/142906\/volvo-v90-d3-20l-110kw-at8-fwd-aj-na-splatky-protiucet_11_small.webp"},{"id":112722,"max":"https:\/\/cdn.assetlog.ai\/assets\/142906\/volvo-v90-d3-20l-110kw-at8-fwd-aj-na-splatky-protiucet_12_max.webp","medium":"https:\/\/cdn.assetlog.ai\/assets\/142906\/volvo-v90-d3-20l-110kw-at8-fwd-aj-na-splatky-protiucet_12_medium.webp","small":"https:\/\/cdn.assetlog.ai\/assets\/142906\/volvo-v90-d3-20l-110kw-at8-fwd-aj-na-splatky-protiucet_12_small.webp"},{"id":112723,"max":"https:\/\/cdn.assetlog.ai\/assets\/142906\/volvo-v90-d3-20l-110kw-at8-fwd-aj-na-splatky-protiucet_13_max.webp","medium":"https:\/\/cdn.assetlog.ai\/assets\/142906\/volvo-v90-d3-20l-110kw-at8-fwd-aj-na-splatky-protiucet_13_medium.webp","small":"https:\/\/cdn.assetlog.ai\/assets\/142906\/volvo-v90-d3-20l-110kw-at8-fwd-aj-na-splatky-protiucet_13_small.webp"},{"id":112724,"max":"https:\/\/cdn.assetlog.ai\/assets\/142906\/volvo-v90-d3-20l-110kw-at8-fwd-aj-na-splatky-protiucet_14_max.webp","medium":"https:\/\/cdn.assetlog.ai\/assets\/142906\/volvo-v90-d3-20l-110kw-at8-fwd-aj-na-splatky-protiucet_14_medium.webp","small":"https:\/\/cdn.assetlog.ai\/assets\/142906\/volvo-v90-d3-20l-110kw-at8-fwd-aj-na-splatky-protiucet_14_small.webp"},{"id":112725,"max":"https:\/\/cdn.assetlog.ai\/assets\/142906\/volvo-v90-d3-20l-110kw-at8-fwd-aj-na-splatky-protiucet_15_max.webp","medium":"https:\/\/cdn.assetlog.ai\/assets\/142906\/volvo-v90-d3-20l-110kw-at8-fwd-aj-na-splatky-protiucet_15_medium.webp","small":"https:\/\/cdn.assetlog.ai\/assets\/142906\/volvo-v90-d3-20l-110kw-at8-fwd-aj-na-splatky-protiucet_15_small.webp"},{"id":112726,"max":"https:\/\/cdn.assetlog.ai\/assets\/142906\/volvo-v90-d3-20l-110kw-at8-fwd-aj-na-splatky-protiucet_16_max.webp","medium":"https:\/\/cdn.assetlog.ai\/assets\/142906\/volvo-v90-d3-20l-110kw-at8-fwd-aj-na-splatky-protiucet_16_medium.webp","small":"https:\/\/cdn.assetlog.ai\/assets\/142906\/volvo-v90-d3-20l-110kw-at8-fwd-aj-na-splatky-protiucet_16_small.webp"},{"id":112727,"max":"https:\/\/cdn.assetlog.ai\/assets\/142906\/volvo-v90-d3-20l-110kw-at8-fwd-aj-na-splatky-protiucet_17_max.webp","medium":"https:\/\/cdn.assetlog.ai\/assets\/142906\/volvo-v90-d3-20l-110kw-at8-fwd-aj-na-splatky-protiucet_17_medium.webp","small":"https:\/\/cdn.assetlog.ai\/assets\/142906\/volvo-v90-d3-20l-110kw-at8-fwd-aj-na-splatky-protiucet_17_small.webp"},{"id":112728,"max":"https:\/\/cdn.assetlog.ai\/assets\/142906\/volvo-v90-d3-20l-110kw-at8-fwd-aj-na-splatky-protiucet_18_max.webp","medium":"https:\/\/cdn.assetlog.ai\/assets\/142906\/volvo-v90-d3-20l-110kw-at8-fwd-aj-na-splatky-protiucet_18_medium.webp","small":"https:\/\/cdn.assetlog.ai\/assets\/142906\/volvo-v90-d3-20l-110kw-at8-fwd-aj-na-splatky-protiucet_18_small.webp"},{"id":112729,"max":"https:\/\/cdn.assetlog.ai\/assets\/142906\/volvo-v90-d3-20l-110kw-at8-fwd-aj-na-splatky-protiucet_19_max.webp","medium":"https:\/\/cdn.assetlog.ai\/assets\/142906\/volvo-v90-d3-20l-110kw-at8-fwd-aj-na-splatky-protiucet_19_medium.webp","small":"https:\/\/cdn.assetlog.ai\/assets\/142906\/volvo-v90-d3-20l-110kw-at8-fwd-aj-na-splatky-protiucet_19_small.webp"},{"id":112730,"max":"https:\/\/cdn.assetlog.ai\/assets\/142906\/volvo-v90-d3-20l-110kw-at8-fwd-aj-na-splatky-protiucet_20_max.webp","medium":"https:\/\/cdn.assetlog.ai\/assets\/142906\/volvo-v90-d3-20l-110kw-at8-fwd-aj-na-splatky-protiucet_20_medium.webp","small":"https:\/\/cdn.assetlog.ai\/assets\/142906\/volvo-v90-d3-20l-110kw-at8-fwd-aj-na-splatky-protiucet_20_small.webp"},{"id":112731,"max":"https:\/\/cdn.assetlog.ai\/assets\/142906\/volvo-v90-d3-20l-110kw-at8-fwd-aj-na-splatky-protiucet_21_max.webp","medium":"https:\/\/cdn.assetlog.ai\/assets\/142906\/volvo-v90-d3-20l-110kw-at8-fwd-aj-na-splatky-protiucet_21_medium.webp","small":"https:\/\/cdn.assetlog.ai\/assets\/142906\/volvo-v90-d3-20l-110kw-at8-fwd-aj-na-splatky-protiucet_21_small.webp"},{"id":112732,"max":"https:\/\/cdn.assetlog.ai\/assets\/142906\/volvo-v90-d3-20l-110kw-at8-fwd-aj-na-splatky-protiucet_22_max.webp","medium":"https:\/\/cdn.assetlog.ai\/assets\/142906\/volvo-v90-d3-20l-110kw-at8-fwd-aj-na-splatky-protiucet_22_medium.webp","small":"https:\/\/cdn.assetlog.ai\/assets\/142906\/volvo-v90-d3-20l-110kw-at8-fwd-aj-na-splatky-protiucet_22_small.webp"},{"id":112733,"max":"https:\/\/cdn.assetlog.ai\/assets\/142906\/volvo-v90-d3-20l-110kw-at8-fwd-aj-na-splatky-protiucet_23_max.webp","medium":"https:\/\/cdn.assetlog.ai\/assets\/142906\/volvo-v90-d3-20l-110kw-at8-fwd-aj-na-splatky-protiucet_23_medium.webp","small":"https:\/\/cdn.assetlog.ai\/assets\/142906\/volvo-v90-d3-20l-110kw-at8-fwd-aj-na-splatky-protiucet_23_small.webp"},{"id":112734,"max":"https:\/\/cdn.assetlog.ai\/assets\/142906\/volvo-v90-d3-20l-110kw-at8-fwd-aj-na-splatky-protiucet_24_max.webp","medium":"https:\/\/cdn.assetlog.ai\/assets\/142906\/volvo-v90-d3-20l-110kw-at8-fwd-aj-na-splatky-protiucet_24_medium.webp","small":"https:\/\/cdn.assetlog.ai\/assets\/142906\/volvo-v90-d3-20l-110kw-at8-fwd-aj-na-splatky-protiucet_24_small.webp"},{"id":112735,"max":"https:\/\/cdn.assetlog.ai\/assets\/142906\/volvo-v90-d3-20l-110kw-at8-fwd-aj-na-splatky-protiucet_25_max.webp","medium":"https:\/\/cdn.assetlog.ai\/assets\/142906\/volvo-v90-d3-20l-110kw-at8-fwd-aj-na-splatky-protiucet_25_medium.webp","small":"https:\/\/cdn.assetlog.ai\/assets\/142906\/volvo-v90-d3-20l-110kw-at8-fwd-aj-na-splatky-protiucet_25_small.webp"},{"id":112736,"max":"https:\/\/cdn.assetlog.ai\/assets\/142906\/volvo-v90-d3-20l-110kw-at8-fwd-aj-na-splatky-protiucet_26_max.webp","medium":"https:\/\/cdn.assetlog.ai\/assets\/142906\/volvo-v90-d3-20l-110kw-at8-fwd-aj-na-splatky-protiucet_26_medium.webp","small":"https:\/\/cdn.assetlog.ai\/assets\/142906\/volvo-v90-d3-20l-110kw-at8-fwd-aj-na-splatky-protiucet_26_small.webp"},{"id":112737,"max":"https:\/\/cdn.assetlog.ai\/assets\/142906\/volvo-v90-d3-20l-110kw-at8-fwd-aj-na-splatky-protiucet_27_max.webp","medium":"https:\/\/cdn.assetlog.ai\/assets\/142906\/volvo-v90-d3-20l-110kw-at8-fwd-aj-na-splatky-protiucet_27_medium.webp","small":"https:\/\/cdn.assetlog.ai\/assets\/142906\/volvo-v90-d3-20l-110kw-at8-fwd-aj-na-splatky-protiucet_27_small.webp"},{"id":112738,"max":"https:\/\/cdn.assetlog.ai\/assets\/142906\/volvo-v90-d3-20l-110kw-at8-fwd-aj-na-splatky-protiucet_28_max.webp","medium":"https:\/\/cdn.assetlog.ai\/assets\/142906\/volvo-v90-d3-20l-110kw-at8-fwd-aj-na-splatky-protiucet_28_medium.webp","small":"https:\/\/cdn.assetlog.ai\/assets\/142906\/volvo-v90-d3-20l-110kw-at8-fwd-aj-na-splatky-protiucet_28_small.webp"},{"id":112739,"max":"https:\/\/cdn.assetlog.ai\/assets\/142906\/volvo-v90-d3-20l-110kw-at8-fwd-aj-na-splatky-protiucet_29_max.webp","medium":"https:\/\/cdn.assetlog.ai\/assets\/142906\/volvo-v90-d3-20l-110kw-at8-fwd-aj-na-splatky-protiucet_29_medium.webp","small":"https:\/\/cdn.assetlog.ai\/assets\/142906\/volvo-v90-d3-20l-110kw-at8-fwd-aj-na-splatky-protiucet_29_small.webp"},{"id":112740,"max":"https:\/\/cdn.assetlog.ai\/assets\/142906\/volvo-v90-d3-20l-110kw-at8-fwd-aj-na-splatky-protiucet_30_max.webp","medium":"https:\/\/cdn.assetlog.ai\/assets\/142906\/volvo-v90-d3-20l-110kw-at8-fwd-aj-na-splatky-protiucet_30_medium.webp","small":"https:\/\/cdn.assetlog.ai\/assets\/142906\/volvo-v90-d3-20l-110kw-at8-fwd-aj-na-splatky-protiucet_30_small.webp"},{"id":112741,"max":"https:\/\/cdn.assetlog.ai\/assets\/142906\/volvo-v90-d3-20l-110kw-at8-fwd-aj-na-splatky-protiucet_31_max.webp","medium":"https:\/\/cdn.assetlog.ai\/assets\/142906\/volvo-v90-d3-20l-110kw-at8-fwd-aj-na-splatky-protiucet_31_medium.webp","small":"https:\/\/cdn.assetlog.ai\/assets\/142906\/volvo-v90-d3-20l-110kw-at8-fwd-aj-na-splatky-protiucet_31_small.webp"},{"id":112742,"max":"https:\/\/cdn.assetlog.ai\/assets\/142906\/volvo-v90-d3-20l-110kw-at8-fwd-aj-na-splatky-protiucet_32_max.webp","medium":"https:\/\/cdn.assetlog.ai\/assets\/142906\/volvo-v90-d3-20l-110kw-at8-fwd-aj-na-splatky-protiucet_32_medium.webp","small":"https:\/\/cdn.assetlog.ai\/assets\/142906\/volvo-v90-d3-20l-110kw-at8-fwd-aj-na-splatky-protiucet_32_small.webp"},{"id":112743,"max":"https:\/\/cdn.assetlog.ai\/assets\/142906\/volvo-v90-d3-20l-110kw-at8-fwd-aj-na-splatky-protiucet_33_max.webp","medium":"https:\/\/cdn.assetlog.ai\/assets\/142906\/volvo-v90-d3-20l-110kw-at8-fwd-aj-na-splatky-protiucet_33_medium.webp","small":"https:\/\/cdn.assetlog.ai\/assets\/142906\/volvo-v90-d3-20l-110kw-at8-fwd-aj-na-splatky-protiucet_33_small.webp"}],"published_at":null,"expires_at":null,"created_at":"2026-08-11T03:40:02+00:00","updated_at":"2026-09-02T03:40:39+00:00"}}